{"id":26577,"date":"2017-07-12T11:18:50","date_gmt":"2017-07-12T09:18:50","guid":{"rendered":"https:\/\/www.chateau-rieutort.fr\/tourism\/grotte-de-clamouse\/"},"modified":"2017-10-27T16:59:46","modified_gmt":"2017-10-27T14:59:46","slug":"grotte-de-clamouse","status":"publish","type":"page","link":"https:\/\/www.chateau-rieutort.fr\/en\/tourism\/grotte-de-clamouse\/","title":{"rendered":"Grotte de Clamouse"},"content":{"rendered":"<p>[et_pb_section bb_built=&#8221;1&#8243; fullwidth=&#8221;on&#8221; specialty=&#8221;off&#8221; disabled_on=&#8221;off|off|off&#8221; disabled=&#8221;off&#8221; custom_padding_last_edited=&#8221;off|&#8221; _builder_version=&#8221;3.0.69&#8243;][et_pb_fullwidth_header title=&#8221;Grotte de Clamouse&#8221; background_layout=&#8221;dark&#8221; text_orientation=&#8221;center&#8221; header_fullscreen=&#8221;off&#8221; header_scroll_down=&#8221;off&#8221; content_orientation=&#8221;center&#8221; image_orientation=&#8221;center&#8221; custom_button_one=&#8221;off&#8221; button_one_letter_spacing=&#8221;0&#8243; button_one_icon_placement=&#8221;right&#8221; button_one_letter_spacing_hover=&#8221;0&#8243; custom_button_two=&#8221;off&#8221; button_two_letter_spacing=&#8221;0&#8243; button_two_icon_placement=&#8221;right&#8221; button_two_letter_spacing_hover=&#8221;0&#8243; logo_alt_text=&#8221;Ch\u00e2teau Rieutort&#8221; scroll_down_icon=&#8221;%%2%%&#8221; parent_locked=&#8221;off&#8221; _builder_version=&#8221;3.0.69&#8243; background_image=&#8221;https:\/\/www.chateau-rieutort.fr\/wp-content\/uploads\/mg_2834.jpg&#8221; module_class=&#8221;rieutort&#8221; \/][\/et_pb_section][et_pb_section bb_built=&#8221;1&#8243; fullwidth=&#8221;off&#8221; specialty=&#8221;off&#8221; transparent_background=&#8221;off&#8221; allow_player_pause=&#8221;off&#8221; inner_shadow=&#8221;off&#8221; parallax=&#8221;off&#8221; parallax_method=&#8221;on&#8221; custom_padding=&#8221;0px|||&#8221; make_fullwidth=&#8221;off&#8221; use_custom_width=&#8221;off&#8221; width_unit=&#8221;on&#8221; make_equal=&#8221;off&#8221; use_custom_gutter=&#8221;off&#8221;][et_pb_row make_fullwidth=&#8221;off&#8221; use_custom_width=&#8221;off&#8221; width_unit=&#8221;on&#8221; use_custom_gutter=&#8221;off&#8221; allow_player_pause=&#8221;off&#8221; parallax=&#8221;off&#8221; parallax_method=&#8221;on&#8221; make_equal=&#8221;off&#8221; parallax_1=&#8221;off&#8221; parallax_method_1=&#8221;off&#8221; parallax_2=&#8221;off&#8221; parallax_method_2=&#8221;off&#8221; module_class_1=&#8221;ecc-location-interval&#8221; gutter_width=&#8221;2&#8243; background_position=&#8221;top_left&#8221; background_repeat=&#8221;repeat&#8221; background_size=&#8221;initial&#8221;][et_pb_column type=&#8221;3_4&#8243;][et_pb_text background_layout=&#8221;light&#8221; text_orientation=&#8221;justified&#8221; border_style=&#8221;solid&#8221; background_position=&#8221;top_left&#8221; background_repeat=&#8221;repeat&#8221; background_size=&#8221;initial&#8221; _builder_version=&#8221;3.0.62&#8243;]<\/p>\n<div id=\"contenu\" class=\"crayon article-texte-188 \">\n<p>La Grotte de la Clamouse est situ\u00e9e \u00e0 Saint-Jean-de-Fos, au pied de la S\u00e9ranne. Son acc\u00e8s est \u00e0 quelques centaines de m\u00e8tres en amont du Pont du Diable, sur la paroi ouest de la gorge de l&#8217;H\u00e9rault.<\/p>\n<p>La grotte de la Clamouse poss\u00e8de l&#8217;un des r\u00e9seaux souterrains les plus \u00e9tendus du Sud du Massif central. Des colorations \u00e0 la fluoresc\u00e9ine, r\u00e9alis\u00e9es par Henri Paloc, Louis Martin (SCM) et Daniel Caumont (CLPA), ont permis de mieux comprendre l&#8217;\u00e9tendue du r\u00e9seau, s&#8217;\u00e9tendant \u00e0 plus de dix-sept kilom\u00e8tres de sa r\u00e9surgence sur le causse du Larzac.<\/p>\n<\/div>\n<p>[\/et_pb_text][et_pb_gallery gallery_ids=&#8221;25564,25562,25560,25558&#8243; fullwidth=&#8221;off&#8221; orientation=&#8221;landscape&#8221; show_title_and_caption=&#8221;off&#8221; show_pagination=&#8221;on&#8221; background_layout=&#8221;light&#8221; auto=&#8221;off&#8221; hover_overlay_color=&#8221;rgba(255,255,255,0.9)&#8221; border_style=&#8221;solid&#8221; posts_number=&#8221;10&#8243; module_class=&#8221;rieutort&#8221; _builder_version=&#8221;3.0.69&#8243; zoom_icon_color=&#8221;#c1aa7d&#8221; \/][\/et_pb_column][et_pb_column type=&#8221;1_4&#8243;][et_pb_sidebar _builder_version=&#8221;3.0.62&#8243; area=&#8221;et_pb_widget_area_1&#8243; orientation=&#8221;right&#8221; background_layout=&#8221;light&#8221; remove_border=&#8221;on&#8221; \/][\/et_pb_column][\/et_pb_row][\/et_pb_section]<\/p>\n","protected":false},"excerpt":{"rendered":"<p>[et_pb_section bb_built=&#8221;1&#8243; fullwidth=&#8221;on&#8221; specialty=&#8221;off&#8221; disabled_on=&#8221;off|off|off&#8221; disabled=&#8221;off&#8221; custom_padding_last_edited=&#8221;off|&#8221; _builder_version=&#8221;3.0.69&#8243;][et_pb_fullwidth_header title=&#8221;Grotte de Clamouse&#8221; background_layout=&#8221;dark&#8221; text_orientation=&#8221;center&#8221; header_fullscreen=&#8221;off&#8221; header_scroll_down=&#8221;off&#8221; content_orientation=&#8221;center&#8221; image_orientation=&#8221;center&#8221; custom_button_one=&#8221;off&#8221; button_one_letter_spacing=&#8221;0&#8243; button_one_icon_placement=&#8221;right&#8221; button_one_letter_spacing_hover=&#8221;0&#8243; custom_button_two=&#8221;off&#8221; button_two_letter_spacing=&#8221;0&#8243; button_two_icon_placement=&#8221;right&#8221; button_two_letter_spacing_hover=&#8221;0&#8243; logo_alt_text=&#8221;Ch\u00e2teau Rieutort&#8221; scroll_down_icon=&#8221;%%2%%&#8221; parent_locked=&#8221;off&#8221; _builder_version=&#8221;3.0.69&#8243; background_image=&#8221;https:\/\/www.chateau-rieutort.fr\/wp-content\/uploads\/mg_2834.jpg&#8221; module_class=&#8221;rieutort&#8221; \/][\/et_pb_section][et_pb_section bb_built=&#8221;1&#8243; fullwidth=&#8221;off&#8221; specialty=&#8221;off&#8221; transparent_background=&#8221;off&#8221; allow_player_pause=&#8221;off&#8221; inner_shadow=&#8221;off&#8221; parallax=&#8221;off&#8221; parallax_method=&#8221;on&#8221; custom_padding=&#8221;0px|||&#8221; make_fullwidth=&#8221;off&#8221; use_custom_width=&#8221;off&#8221; width_unit=&#8221;on&#8221; make_equal=&#8221;off&#8221; use_custom_gutter=&#8221;off&#8221;][et_pb_row make_fullwidth=&#8221;off&#8221; use_custom_width=&#8221;off&#8221; width_unit=&#8221;on&#8221; use_custom_gutter=&#8221;off&#8221; allow_player_pause=&#8221;off&#8221; parallax=&#8221;off&#8221; parallax_method=&#8221;on&#8221; make_equal=&#8221;off&#8221; [&hellip;]<\/p>\n","protected":false},"author":4,"featured_media":25559,"parent":26559,"menu_order":0,"comment_status":"closed","ping_status":"closed","template":"","meta":{"_acf_changed":false,"_et_pb_use_builder":"on","_et_pb_old_content":"<p>Montpellier, est une commune fran\u00e7aise situ\u00e9e dans le d\u00e9partement de l\u2019H\u00e9rault et la r\u00e9gion Languedoc-Roussillon. Montpellier se situe sur un grand axe de communication joignant l'Espagne \u00e0 l'ouest, \u00e0 l'Italie \u00e0 l'est.<\/p><h3><a href=\"http:\/\/www.montpellier.fr\/\" target=\"_blank\" rel=\"noopener\">www.montpellier.fr<\/a><\/h3><div id=\"titre-themes\">D\u00e9couvrir \u00e0 proximit\u00e9<\/div><div id=\"contenu\" class=\"crayon article-texte-281 \"><p><strong>Le centre historique de Montpellier doit son surnom d\u2019Ecusson \u00e0 la forme m\u00eame de son agencement imagin\u00e9 au Moyen Age.<\/strong><\/p><p><strong>T\u00e9moin des grandes p\u00e9riodes historiques et de la vocation pr\u00e9coce de Montpellier pour la m\u00e9decine et le commerce, l\u2019Ecusson abrite une kyrielle d\u2019h\u00f4tels particuliers aux fa\u00e7ades m\u00e9di\u00e9vales, romanes et gothiques, \u00e0 d\u00e9couvrir au fil des ruelles pi\u00e9tonnes \u00e9troites et souvent courbes, pour briser les assauts du vent.<\/strong><\/p><p>C\u2019est en 985, dans une donation du comt\u00e9 de Melgueil, qu\u2019appara\u00eet pour la premi\u00e8re fois le nom de Montpellier. Le 26 novembre 985, le comte Bernard de Melgueil (Mauguio) octroie au chevalier Guilhem en \u00e9change de son d\u00e9vouement l\u2019ancien territoire situ\u00e9 entre l\u2019antique Voie Domitienne, le Lez et La Mosson.<\/p><\/div>","_et_gb_content_width":"","footnotes":""},"class_list":["post-26577","page","type-page","status-publish","has-post-thumbnail","hentry"],"acf":[],"yoast_head":"<!-- This site is optimized with the Yoast SEO plugin v26.7 - https:\/\/yoast.com\/wordpress\/plugins\/seo\/ -->\n<title>Grotte de Clamouse - G\u00eetes &amp; Chambres d&#039;h\u00f4te Ch\u00e2teau Rieutort<\/title>\n<meta name=\"description\" content=\"La Grotte de la Clamouse est situ\u00e9e \u00e0 Saint-Jean-de-Fos, au pied de la S\u00e9ranne. Son acc\u00e8s est \u00e0 quelques centaines de m\u00e8tres en amont du Pont du Diable.\" \/>\n<meta name=\"robots\" content=\"index, follow, max-snippet:-1, max-image-preview:large, max-video-preview:-1\" \/>\n<link rel=\"canonical\" href=\"https:\/\/www.chateau-rieutort.fr\/tourisme\/grotte-de-clamouse\/\" \/>\n<meta property=\"og:locale\" content=\"en_US\" \/>\n<meta property=\"og:type\" content=\"article\" \/>\n<meta property=\"og:title\" content=\"Grotte de Clamouse - G\u00eetes &amp; Chambres d&#039;h\u00f4te Ch\u00e2teau Rieutort\" \/>\n<meta property=\"og:description\" content=\"La Grotte de la Clamouse est situ\u00e9e \u00e0 Saint-Jean-de-Fos, au pied de la S\u00e9ranne. Son acc\u00e8s est \u00e0 quelques centaines de m\u00e8tres en amont du Pont du Diable.\" \/>\n<meta property=\"og:url\" content=\"https:\/\/www.chateau-rieutort.fr\/tourisme\/grotte-de-clamouse\/\" \/>\n<meta property=\"og:site_name\" content=\"G\u00eetes &amp; Chambres d&#039;h\u00f4te %%sep%% Ch\u00e2teau Rieutort\" \/>\n<meta property=\"article:modified_time\" content=\"2017-10-27T14:59:46+00:00\" \/>\n<meta property=\"og:image\" content=\"https:\/\/www.chateau-rieutort.fr\/wp-content\/uploads\/mg_2834.jpg\" \/>\n\t<meta property=\"og:image:width\" content=\"1680\" \/>\n\t<meta property=\"og:image:height\" content=\"1118\" \/>\n\t<meta property=\"og:image:type\" content=\"image\/jpeg\" \/>\n<meta name=\"twitter:card\" content=\"summary_large_image\" \/>\n<meta name=\"twitter:label1\" content=\"Est. reading time\" \/>\n\t<meta name=\"twitter:data1\" content=\"2 minutes\" \/>\n<script type=\"application\/ld+json\" class=\"yoast-schema-graph\">{\"@context\":\"https:\/\/schema.org\",\"@graph\":[{\"@type\":\"WebPage\",\"@id\":\"https:\/\/www.chateau-rieutort.fr\/tourisme\/grotte-de-clamouse\/\",\"url\":\"https:\/\/www.chateau-rieutort.fr\/tourisme\/grotte-de-clamouse\/\",\"name\":\"Grotte de Clamouse - G\u00eetes &amp; Chambres d&#039;h\u00f4te Ch\u00e2teau Rieutort\",\"isPartOf\":{\"@id\":\"https:\/\/www.chateau-rieutort.fr\/#website\"},\"primaryImageOfPage\":{\"@id\":\"https:\/\/www.chateau-rieutort.fr\/tourisme\/grotte-de-clamouse\/#primaryimage\"},\"image\":{\"@id\":\"https:\/\/www.chateau-rieutort.fr\/tourisme\/grotte-de-clamouse\/#primaryimage\"},\"thumbnailUrl\":\"https:\/\/www.chateau-rieutort.fr\/wp-content\/uploads\/mg_2834.jpg\",\"datePublished\":\"2017-07-12T09:18:50+00:00\",\"dateModified\":\"2017-10-27T14:59:46+00:00\",\"description\":\"La Grotte de la Clamouse est situ\u00e9e \u00e0 Saint-Jean-de-Fos, au pied de la S\u00e9ranne. Son acc\u00e8s est \u00e0 quelques centaines de m\u00e8tres en amont du Pont du Diable.\",\"breadcrumb\":{\"@id\":\"https:\/\/www.chateau-rieutort.fr\/tourisme\/grotte-de-clamouse\/#breadcrumb\"},\"inLanguage\":\"en-US\",\"potentialAction\":[{\"@type\":\"ReadAction\",\"target\":[\"https:\/\/www.chateau-rieutort.fr\/tourisme\/grotte-de-clamouse\/\"]}]},{\"@type\":\"ImageObject\",\"inLanguage\":\"en-US\",\"@id\":\"https:\/\/www.chateau-rieutort.fr\/tourisme\/grotte-de-clamouse\/#primaryimage\",\"url\":\"https:\/\/www.chateau-rieutort.fr\/wp-content\/uploads\/mg_2834.jpg\",\"contentUrl\":\"https:\/\/www.chateau-rieutort.fr\/wp-content\/uploads\/mg_2834.jpg\",\"width\":1680,\"height\":1118},{\"@type\":\"BreadcrumbList\",\"@id\":\"https:\/\/www.chateau-rieutort.fr\/tourisme\/grotte-de-clamouse\/#breadcrumb\",\"itemListElement\":[{\"@type\":\"ListItem\",\"position\":1,\"name\":\"Accueil\",\"item\":\"https:\/\/www.chateau-rieutort.fr\/en\/\"},{\"@type\":\"ListItem\",\"position\":2,\"name\":\"Tourism in Languedoc\",\"item\":\"https:\/\/www.chateau-rieutort.fr\/tourisme\/\"},{\"@type\":\"ListItem\",\"position\":3,\"name\":\"Grotte de Clamouse\"}]},{\"@type\":\"WebSite\",\"@id\":\"https:\/\/www.chateau-rieutort.fr\/#website\",\"url\":\"https:\/\/www.chateau-rieutort.fr\/\",\"name\":\"G\u00eetes &amp; Chambres d&#039;h\u00f4te %%sep%% Ch\u00e2teau Rieutort\",\"description\":\"Vignoble G\u00eetes Chambres d&#039;h\u00f4tes Languedoc Occitanie\",\"potentialAction\":[{\"@type\":\"SearchAction\",\"target\":{\"@type\":\"EntryPoint\",\"urlTemplate\":\"https:\/\/www.chateau-rieutort.fr\/?s={search_term_string}\"},\"query-input\":{\"@type\":\"PropertyValueSpecification\",\"valueRequired\":true,\"valueName\":\"search_term_string\"}}],\"inLanguage\":\"en-US\"}]}<\/script>\n<!-- \/ Yoast SEO plugin. -->","yoast_head_json":{"title":"Grotte de Clamouse - G\u00eetes &amp; Chambres d&#039;h\u00f4te Ch\u00e2teau Rieutort","description":"La Grotte de la Clamouse est situ\u00e9e \u00e0 Saint-Jean-de-Fos, au pied de la S\u00e9ranne. Son acc\u00e8s est \u00e0 quelques centaines de m\u00e8tres en amont du Pont du Diable.","robots":{"index":"index","follow":"follow","max-snippet":"max-snippet:-1","max-image-preview":"max-image-preview:large","max-video-preview":"max-video-preview:-1"},"canonical":"https:\/\/www.chateau-rieutort.fr\/tourisme\/grotte-de-clamouse\/","og_locale":"en_US","og_type":"article","og_title":"Grotte de Clamouse - G\u00eetes &amp; Chambres d&#039;h\u00f4te Ch\u00e2teau Rieutort","og_description":"La Grotte de la Clamouse est situ\u00e9e \u00e0 Saint-Jean-de-Fos, au pied de la S\u00e9ranne. Son acc\u00e8s est \u00e0 quelques centaines de m\u00e8tres en amont du Pont du Diable.","og_url":"https:\/\/www.chateau-rieutort.fr\/tourisme\/grotte-de-clamouse\/","og_site_name":"G\u00eetes &amp; Chambres d&#039;h\u00f4te %%sep%% Ch\u00e2teau Rieutort","article_modified_time":"2017-10-27T14:59:46+00:00","og_image":[{"width":1680,"height":1118,"url":"https:\/\/www.chateau-rieutort.fr\/wp-content\/uploads\/mg_2834.jpg","type":"image\/jpeg"}],"twitter_card":"summary_large_image","twitter_misc":{"Est. reading time":"2 minutes"},"schema":{"@context":"https:\/\/schema.org","@graph":[{"@type":"WebPage","@id":"https:\/\/www.chateau-rieutort.fr\/tourisme\/grotte-de-clamouse\/","url":"https:\/\/www.chateau-rieutort.fr\/tourisme\/grotte-de-clamouse\/","name":"Grotte de Clamouse - G\u00eetes &amp; Chambres d&#039;h\u00f4te Ch\u00e2teau Rieutort","isPartOf":{"@id":"https:\/\/www.chateau-rieutort.fr\/#website"},"primaryImageOfPage":{"@id":"https:\/\/www.chateau-rieutort.fr\/tourisme\/grotte-de-clamouse\/#primaryimage"},"image":{"@id":"https:\/\/www.chateau-rieutort.fr\/tourisme\/grotte-de-clamouse\/#primaryimage"},"thumbnailUrl":"https:\/\/www.chateau-rieutort.fr\/wp-content\/uploads\/mg_2834.jpg","datePublished":"2017-07-12T09:18:50+00:00","dateModified":"2017-10-27T14:59:46+00:00","description":"La Grotte de la Clamouse est situ\u00e9e \u00e0 Saint-Jean-de-Fos, au pied de la S\u00e9ranne. Son acc\u00e8s est \u00e0 quelques centaines de m\u00e8tres en amont du Pont du Diable.","breadcrumb":{"@id":"https:\/\/www.chateau-rieutort.fr\/tourisme\/grotte-de-clamouse\/#breadcrumb"},"inLanguage":"en-US","potentialAction":[{"@type":"ReadAction","target":["https:\/\/www.chateau-rieutort.fr\/tourisme\/grotte-de-clamouse\/"]}]},{"@type":"ImageObject","inLanguage":"en-US","@id":"https:\/\/www.chateau-rieutort.fr\/tourisme\/grotte-de-clamouse\/#primaryimage","url":"https:\/\/www.chateau-rieutort.fr\/wp-content\/uploads\/mg_2834.jpg","contentUrl":"https:\/\/www.chateau-rieutort.fr\/wp-content\/uploads\/mg_2834.jpg","width":1680,"height":1118},{"@type":"BreadcrumbList","@id":"https:\/\/www.chateau-rieutort.fr\/tourisme\/grotte-de-clamouse\/#breadcrumb","itemListElement":[{"@type":"ListItem","position":1,"name":"Accueil","item":"https:\/\/www.chateau-rieutort.fr\/en\/"},{"@type":"ListItem","position":2,"name":"Tourism in Languedoc","item":"https:\/\/www.chateau-rieutort.fr\/tourisme\/"},{"@type":"ListItem","position":3,"name":"Grotte de Clamouse"}]},{"@type":"WebSite","@id":"https:\/\/www.chateau-rieutort.fr\/#website","url":"https:\/\/www.chateau-rieutort.fr\/","name":"G\u00eetes &amp; Chambres d&#039;h\u00f4te %%sep%% Ch\u00e2teau Rieutort","description":"Vignoble G\u00eetes Chambres d&#039;h\u00f4tes Languedoc Occitanie","potentialAction":[{"@type":"SearchAction","target":{"@type":"EntryPoint","urlTemplate":"https:\/\/www.chateau-rieutort.fr\/?s={search_term_string}"},"query-input":{"@type":"PropertyValueSpecification","valueRequired":true,"valueName":"search_term_string"}}],"inLanguage":"en-US"}]}},"_links":{"self":[{"href":"https:\/\/www.chateau-rieutort.fr\/en\/wp-json\/wp\/v2\/pages\/26577","targetHints":{"allow":["GET"]}}],"collection":[{"href":"https:\/\/www.chateau-rieutort.fr\/en\/wp-json\/wp\/v2\/pages"}],"about":[{"href":"https:\/\/www.chateau-rieutort.fr\/en\/wp-json\/wp\/v2\/types\/page"}],"author":[{"embeddable":true,"href":"https:\/\/www.chateau-rieutort.fr\/en\/wp-json\/wp\/v2\/users\/4"}],"replies":[{"embeddable":true,"href":"https:\/\/www.chateau-rieutort.fr\/en\/wp-json\/wp\/v2\/comments?post=26577"}],"version-history":[{"count":0,"href":"https:\/\/www.chateau-rieutort.fr\/en\/wp-json\/wp\/v2\/pages\/26577\/revisions"}],"up":[{"embeddable":true,"href":"https:\/\/www.chateau-rieutort.fr\/en\/wp-json\/wp\/v2\/pages\/26559"}],"wp:featuredmedia":[{"embeddable":true,"href":"https:\/\/www.chateau-rieutort.fr\/en\/wp-json\/wp\/v2\/media\/25559"}],"wp:attachment":[{"href":"https:\/\/www.chateau-rieutort.fr\/en\/wp-json\/wp\/v2\/media?parent=26577"}],"curies":[{"name":"wp","href":"https:\/\/api.w.org\/{rel}","templated":true}]}}